{"id":22007,"date":"2015-10-13T18:38:44","date_gmt":"2015-10-13T18:38:44","guid":{"rendered":"https:\/\/www.finieco.pt\/?page_id=22007"},"modified":"2016-02-11T21:54:37","modified_gmt":"2016-02-11T21:54:37","slug":"missao-valores-e-visao","status":"publish","type":"page","link":"https:\/\/www.finieco.pt\/fr\/apresentacao\/missao-valores-e-visao\/","title":{"rendered":"Mission, Vision et Valeurs"},"content":{"rendered":"<div class=\"wpb-content-wrapper\"><p>[vc_row][vc_column width=\u00a0\u00bb1\/1&Prime;][vc_empty_space height=\u00a0\u00bb20px\u00a0\u00bb][\/vc_column][\/vc_row][vc_row][vc_column width=\u00a0\u00bb1\/3&Prime;][vc_column_text]<\/p>\n<p><b>MISSION<\/b><\/p>\n<p>[\/vc_column_text][vc_empty_space height=\u00a0\u00bb10px\u00a0\u00bb][vc_column_text]<\/p>\n<p style=\"text-align: justify;\">Finieco est engag\u00e9e dans la proposition de solutions et mise en place d\u2019emballages avec un\u00a0minimum d\u2019impact sur l\u2019environnement, susceptible de proportionner au clientl\u2019optimisation des ressources et la rentabilisation de l\u2019emballage tant qu\u2019instrument de marketing.<\/p>\n<p>[\/vc_column_text][vc_empty_space height=\u00a0\u00bb10px\u00a0\u00bb][vc_column_text]<\/p>\n<p><span style=\"color: #e6ae48;\"><i>\u201cUne entreprise ne se d\u00e9finit pas par son nom, statut ou produit ; elle se d\u00e9finit par sa mission. Seulement une d\u00e9finition claire de cette mission est la raison d\u2019\u00eatre de l\u2019organisation et rend possibles, clairs et r\u00e9alistes les objectifs de l\u2019entreprise.\u201d Peter Drucker<\/i><\/span><\/p>\n<p>[\/vc_column_text][vc_empty_space height=\u00a0\u00bb25px\u00a0\u00bb][\/vc_column][vc_column width=\u00a0\u00bb1\/3&Prime;][vc_column_text]<\/p>\n<p><b>VISION<\/b><\/p>\n<p>[\/vc_column_text][vc_empty_space height=\u00a0\u00bb10px\u00a0\u00bb][vc_column_text]<\/p>\n<p style=\"text-align: justify;\">\u00catre l\u2019un des principaux producteurs europ\u00e9ens de solutions d\u2019emballages flexibles, poursuivant le perfectionnement du produit et l\u2019optimisation de la durabilit\u00e9 environnementale des solutions.<\/p>\n<p>[\/vc_column_text][vc_empty_space height=\u00a0\u00bb10px\u00a0\u00bb][vc_column_text]<\/p>\n<p><span style=\"color: #e6ae48;\"><i>\u201cAvoir une vision signifie d\u00e9velopper la capacit\u00e9 d\u2019observer analytiquement les \u00e9v\u00e9nements, s\u2019anticiper aux m\u00eames et \u00eatre proactif, en \u00e9tablissant une mission \u00e0 r\u00e9aliser et en la d\u00e9finissant. Finalement, croire que tout sera possible. Il est fondamental que la vision ait une conception claire, objective, qui exprime quelque chose qui vaut la peine d\u2019\u00eatre poursuivi, m\u00eame si cette conception n\u2019a pas encore \u00e9t\u00e9 aper\u00e7ue comme accessible.\u201d Cl\u00e1udio Tomanini<\/i><\/span><\/p>\n<p>[\/vc_column_text][vc_empty_space height=\u00a0\u00bb25px\u00a0\u00bb][\/vc_column][vc_column width=\u00a0\u00bb1\/3&Prime;][vc_column_text]<\/p>\n<p><b>VALEURS<\/b><\/p>\n<p>[\/vc_column_text][vc_empty_space height=\u00a0\u00bb10px\u00a0\u00bb][vc_column_text]<\/p>\n<p style=\"text-align: justify;\"><span style=\"color: #808080;\">CONSCIENCE ENVIRONNEMENTALE<strong>\u00a0<\/strong><\/span>&#8211; nous croyons que le futur de nos descendants commence avec nos d\u00e9cisions.<\/p>\n<p style=\"text-align: justify;\"><span style=\"color: #808080;\">OPTIMISATION DE LA GESTION DES RESSARCES<\/span><strong><span style=\"color: #808080;\">\u00a0<\/span><\/strong>&#8211; seule une utilisation efficiente des ressources disponibles permet incr\u00e9menter la comp\u00e9titivit\u00e9.<\/p>\n<p style=\"text-align: justify;\"><span style=\"color: #808080;\">RESPONSABILIT\u00c8 SOCIAL<\/span><span style=\"color: #808080;\">\u00a0<\/span>&#8211; une entreprise n\u2019est pas une \u00eele, seule l\u2019adoption de comportements \u00e9thiques lui permet de coexister en harmonie avec le milieu.<\/p>\n<p style=\"text-align: justify;\"><span style=\"color: #808080;\">ATTENTION AU CLIENT ET AU FOURNISSEUR &#8211;\u00a0<\/span>plus que clients et fournisseurs, nous cherchons ceux qui veulent \u00eatre et croitre avec nous.<\/p>\n<p>[\/vc_column_text][vc_empty_space height=\u00a0\u00bb10px\u00a0\u00bb][\/vc_column][\/vc_row]<\/p>\n<\/div>","protected":false},"excerpt":{"rendered":"<p>[vc_row][vc_column width=\u00a0\u00bb1\/1&Prime;][vc_empty_space height=\u00a0\u00bb20px\u00a0\u00bb][\/vc_column][\/vc_row][vc_row][vc_column width=\u00a0\u00bb1\/3&Prime;][vc_column_text] MISSION [\/vc_column_text][vc_empty_space height=\u00a0\u00bb10px\u00a0\u00bb][vc_column_text] Finieco est engag\u00e9e dans la proposition de solutions et mise en place d\u2019emballages avec un\u00a0minimum d\u2019impact sur l\u2019environnement, susceptible de proportionner au clientl\u2019optimisation des ressources et la rentabilisation de l\u2019emballage tant qu\u2019instrument de marketing. [\/vc_column_text][vc_empty_space height=\u00a0\u00bb10px\u00a0\u00bb][vc_column_text] \u201cUne entreprise&#8230;<\/p>\n","protected":false},"author":1,"featured_media":0,"parent":17,"menu_order":0,"comment_status":"closed","ping_status":"closed","template":"","meta":{"footnotes":""},"class_list":["post-22007","page","type-page","status-publish","hentry"],"_links":{"self":[{"href":"https:\/\/www.finieco.pt\/fr\/wp-json\/wp\/v2\/pages\/22007","targetHints":{"allow":["GET"]}}],"collection":[{"href":"https:\/\/www.finieco.pt\/fr\/wp-json\/wp\/v2\/pages"}],"about":[{"href":"https:\/\/www.finieco.pt\/fr\/wp-json\/wp\/v2\/types\/page"}],"author":[{"embeddable":true,"href":"https:\/\/www.finieco.pt\/fr\/wp-json\/wp\/v2\/users\/1"}],"replies":[{"embeddable":true,"href":"https:\/\/www.finieco.pt\/fr\/wp-json\/wp\/v2\/comments?post=22007"}],"version-history":[{"count":27,"href":"https:\/\/www.finieco.pt\/fr\/wp-json\/wp\/v2\/pages\/22007\/revisions"}],"predecessor-version":[{"id":22141,"href":"https:\/\/www.finieco.pt\/fr\/wp-json\/wp\/v2\/pages\/22007\/revisions\/22141"}],"up":[{"embeddable":true,"href":"https:\/\/www.finieco.pt\/fr\/wp-json\/wp\/v2\/pages\/17"}],"wp:attachment":[{"href":"https:\/\/www.finieco.pt\/fr\/wp-json\/wp\/v2\/media?parent=22007"}],"curies":[{"name":"wp","href":"https:\/\/api.w.org\/{rel}","templated":true}]}}