{"id":22007,"date":"2015-10-13T18:38:44","date_gmt":"2015-10-13T18:38:44","guid":{"rendered":"https:\/\/www.finieco.pt\/?page_id=22007"},"modified":"2016-02-11T21:54:37","modified_gmt":"2016-02-11T21:54:37","slug":"missao-valores-e-visao","status":"publish","type":"page","link":"https:\/\/www.finieco.pt\/es\/apresentacao\/missao-valores-e-visao\/","title":{"rendered":"Misi\u00f3n, Visi\u00f3n y Valores"},"content":{"rendered":"<div class=\"wpb-content-wrapper\"><p>[vc_row][vc_column width=\u00bb1\/1&#8243;][vc_empty_space height=\u00bb20px\u00bb][\/vc_column][\/vc_row][vc_row][vc_column width=\u00bb1\/3&#8243;][vc_column_text]<\/p>\n<p><b>MISI\u00d3N<\/b><\/p>\n<p>[\/vc_column_text][vc_empty_space height=\u00bb10px\u00bb][vc_column_text]<\/p>\n<p style=\"text-align: justify;\">Finieco orienta sus esfuerzos hacia una propuesta de oferta de soluciones de embalaje con m\u00ednimo impacto ambiental, susceptible de proporcionar al cliente una optimizaci\u00f3n de recursos y rentabilizaci\u00f3n de envases como instrumento de marketing.<\/p>\n<p>[\/vc_column_text][vc_empty_space height=\u00bb10px\u00bb][vc_column_text]<\/p>\n<p><span style=\"color: #e6ae48;\"><i>\u201cUna empresa no se define por su nombre, estatuto o producto; se define por su misi\u00f3n. S\u00f3lo una definici\u00f3n clara de la misi\u00f3n es la raz\u00f3n de existir de la organizaci\u00f3n y hace posibles, claros y realistas los objetivos de la empresa.\u201d Peter Drucker<\/i><\/span><\/p>\n<p>[\/vc_column_text][vc_empty_space height=\u00bb25px\u00bb][\/vc_column][vc_column width=\u00bb1\/3&#8243;][vc_column_text]<\/p>\n<p><b>VISI\u00d3N<\/b><\/p>\n<p>[\/vc_column_text][vc_empty_space height=\u00bb10px\u00bb][vc_column_text]<\/p>\n<p style=\"text-align: justify;\">Ser uno de los principales productores europeos de soluciones de embalaje flexible, manteniendo un constante perfeccionamiento del producto y maximizando la sustentabilidad ambiental de las soluciones propuestas.<\/p>\n<p>[\/vc_column_text][vc_empty_space height=\u00bb10px\u00bb][vc_column_text]<\/p>\n<p><span style=\"color: #e6ae48;\"><i>\u201cTener visi\u00f3n significa desarrollar la capacidad de observar analiticamente los acontecimientos, anticiparse a ellos y ser proactivo, estableciendo una misi\u00f3n a realizar y definiendo c\u00f3mo esta misi\u00f3n ser\u00e1 cumplida. Finalmente, creer que todo eso ser\u00e1 posible. Es fundamental que la visi\u00f3n tenga un concepto claro, objetivo, manifestando algo que valga la pena perseguir aunque todav\u00eda no se sepa como alcanzarlo.\u201d Cl\u00e1udio Tomanini<\/i><\/span><\/p>\n<p>[\/vc_column_text][vc_empty_space height=\u00bb25px\u00bb][\/vc_column][vc_column width=\u00bb1\/3&#8243;][vc_column_text]<\/p>\n<p><b>VALORES<\/b><\/p>\n<p>[\/vc_column_text][vc_empty_space height=\u00bb10px\u00bb][vc_column_text]<\/p>\n<p style=\"text-align: justify;\"><span style=\"color: #808080;\">CONCIENCIA AMBIENTAL\u00a0<\/span>&#8211; Creemos que el futuro de nuestros descendientes comienza en nuestras decisiones.<\/p>\n<p style=\"text-align: justify;\"><span style=\"color: #808080;\">OPTIMIZACI\u00d2N DE LA GESTI\u00d3N DE RECURSOS<\/span>\u00a0&#8211; Solo una utilizaci\u00f3n eficiente de los recursos disponibles permite aumentar la competitividad.<\/p>\n<p style=\"text-align: justify;\"><span style=\"color: #808080;\">RESPONSABILIDAD SOCIAL\u00a0<\/span>&#8211; Una empresa no es una isla, solo la adopci\u00f3n de comportamientos \u00e9ticamente conformes permite coexistir en armon\u00eda con el m\u00e9dio.<\/p>\n<p style=\"text-align: justify;\"><span style=\"color: #808080;\">ATENCI\u00d3N AL CLIENTE Y PROVEDOR<\/span>\u00a0&#8211; M\u00e1s que clientes o proveedores buscamos qui\u00e9n quiere crecer con nosotros.<\/p>\n<p>[\/vc_column_text][vc_empty_space height=\u00bb10px\u00bb][\/vc_column][\/vc_row]<\/p>\n<\/div>","protected":false},"excerpt":{"rendered":"<p>[vc_row][vc_column width=\u00bb1\/1&#8243;][vc_empty_space height=\u00bb20px\u00bb][\/vc_column][\/vc_row][vc_row][vc_column width=\u00bb1\/3&#8243;][vc_column_text] MISI\u00d3N [\/vc_column_text][vc_empty_space height=\u00bb10px\u00bb][vc_column_text] Finieco orienta sus esfuerzos hacia una propuesta de oferta de soluciones de embalaje con m\u00ednimo impacto ambiental, susceptible de proporcionar al cliente una optimizaci\u00f3n de recursos y rentabilizaci\u00f3n de envases como instrumento de marketing. [\/vc_column_text][vc_empty_space height=\u00bb10px\u00bb][vc_column_text] \u201cUna empresa&#8230;<\/p>\n","protected":false},"author":1,"featured_media":0,"parent":17,"menu_order":0,"comment_status":"closed","ping_status":"closed","template":"","meta":{"footnotes":""},"class_list":["post-22007","page","type-page","status-publish","hentry"],"_links":{"self":[{"href":"https:\/\/www.finieco.pt\/es\/wp-json\/wp\/v2\/pages\/22007","targetHints":{"allow":["GET"]}}],"collection":[{"href":"https:\/\/www.finieco.pt\/es\/wp-json\/wp\/v2\/pages"}],"about":[{"href":"https:\/\/www.finieco.pt\/es\/wp-json\/wp\/v2\/types\/page"}],"author":[{"embeddable":true,"href":"https:\/\/www.finieco.pt\/es\/wp-json\/wp\/v2\/users\/1"}],"replies":[{"embeddable":true,"href":"https:\/\/www.finieco.pt\/es\/wp-json\/wp\/v2\/comments?post=22007"}],"version-history":[{"count":27,"href":"https:\/\/www.finieco.pt\/es\/wp-json\/wp\/v2\/pages\/22007\/revisions"}],"predecessor-version":[{"id":22141,"href":"https:\/\/www.finieco.pt\/es\/wp-json\/wp\/v2\/pages\/22007\/revisions\/22141"}],"up":[{"embeddable":true,"href":"https:\/\/www.finieco.pt\/es\/wp-json\/wp\/v2\/pages\/17"}],"wp:attachment":[{"href":"https:\/\/www.finieco.pt\/es\/wp-json\/wp\/v2\/media?parent=22007"}],"curies":[{"name":"wp","href":"https:\/\/api.w.org\/{rel}","templated":true}]}}